{"id":18030,"date":"2021-03-01T19:42:30","date_gmt":"2021-03-01T18:42:30","guid":{"rendered":"http:\/\/wakage.de\/?page_id=18030"},"modified":"2026-03-26T09:07:20","modified_gmt":"2026-03-26T08:07:20","slug":"kontakt-2","status":"publish","type":"page","link":"https:\/\/wakage.de\/index.php\/kontakt-2\/","title":{"rendered":"Kontakt NEU"},"content":{"rendered":"<p>[vc_row row_type=&#8220;row&#8220; use_row_as_full_screen_section=&#8220;no&#8220; type=&#8220;full_width&#8220; angled_section=&#8220;no&#8220; text_align=&#8220;left&#8220; background_image_as_pattern=&#8220;without_pattern&#8220; css_animation=&#8220;&#8220;][vc_column width=&#8220;1\/2&#8243;][vc_column_text css=&#8220;.vc_custom_1478731113795{margin-bottom: 15px !important;}&#8220;]<\/p>\n<h3>FORMATIONEN:<\/h3>\n<p>[\/vc_column_text][vc_accordion active_tab=&#8220;false&#8220; collapsible=&#8220;yes&#8220; style=&#8220;boxed_accordion&#8220; title=&#8220;Kontaktdaten der WaKaGe&#8220;][vc_accordion_tab title=&#8220;Elferrat&#8220; title_color=&#8220;#ffffff&#8220; background_color=&#8220;#3f51b5&#8243; title_tag=&#8220;h2&#8243;][vc_column_text]<strong>Pr\u00e4sident<\/strong> Daniel St\u00e4hlker<br \/>\n<strong>Vize-Pr\u00e4sident<\/strong> Stefan Blanke<br \/>\n<strong>Mail an:<\/strong> <a href=\"elferrat@wakage.de\">elferrat(at)wakage.de<\/a>[\/vc_column_text][\/vc_accordion_tab][vc_accordion_tab title=&#8220;Prinzengarde&#8220; title_color=&#8220;#ffffff&#8220; background_color=&#8220;#3f51b5&#8243; title_tag=&#8220;h2&#8243;][vc_column_text]<strong>Kommandeur<\/strong> Chris Caspers, 0152 25702849<\/p>\n<p><strong>Vize-Kommandeur<\/strong>\u00a0Tim Sawukaytis, 0170 1257685<\/p>\n<p><a href=\"mailto:prinzengarde@wakage.de\">prinzengarde@wakage.de<\/a>[\/vc_column_text][\/vc_accordion_tab][vc_accordion_tab title=&#8220;JuKa&#8220; title_color=&#8220;#ffffff&#8220; background_color=&#8220;#3f51b5&#8243; title_tag=&#8220;h2&#8243;][vc_column_text]<strong>Pr\u00e4sident<\/strong> Luca Henkenjohann, 0174 6738899<\/p>\n<p><strong>Vize-Pr\u00e4sident<\/strong> Maurice Grontzki, 0157 79088013<\/p>\n<p><a href=\"mailto:juka@wakage.de\">juka@wakage.de<\/a>[\/vc_column_text][\/vc_accordion_tab][vc_accordion_tab title=&#8220;Gemeinschaft ehemaliger Prinzen&#8220; title_color=&#8220;#ffffff&#8220; background_color=&#8220;#3f51b5&#8243; title_tag=&#8220;h2&#8243;][vc_column_text]<strong>Gro\u00dff\u00fcrst<\/strong> Peter Steinkamp<\/p>\n<p><strong>&#8222;Kleinf\u00fcrst&#8220;<\/strong> Thomas W\u00f6rmann, 0171 8133082<\/p>\n<p><a href=\"mailto:prinzen@wakage.de\">prinzen@wakage.de<\/a>[\/vc_column_text][\/vc_accordion_tab][vc_accordion_tab title=&#8220;Tanzformationen&#8220; title_color=&#8220;#ffffff&#8220; background_color=&#8220;#3f51b5&#8243; title_tag=&#8220;h2&#8243;][vc_column_text]<\/p>\n<h3>WaKaGe-Ballett<\/h3>\n<p><strong>Trainerin Schautanz<\/strong> Lara Willemsen 0176 20345111 \/ Julia G\u00fcnnewig, 0172 4651131<br \/>\n<strong>Trainerin Garde-Tanz<\/strong> Ivana Gusatovic, 0174 3799351<\/p>\n<p><a href=\"mailto:ballett@wakage.de\">ballett@wakage.de<\/a><\/p>\n<p>&nbsp;<\/p>\n<h3>Fl\u00f6ckchen<\/h3>\n<p><strong>Trainerin<\/strong> Lea-Jane Toffel, 0157 52703522<br \/>\n<strong>Trainerin<\/strong> Laura Caspers, 0157 78849593<\/p>\n<p><a href=\"mailto:floeckchen@wakage.de\">floeckchen@wakage.de<\/a><\/p>\n<p>&nbsp;<\/p>\n<h3>H\u00fcpfer<\/h3>\n<p><strong>Trainerin<\/strong>\u00a0Pia Lackamp, 01573\/4570083<br \/>\n<strong>Trainerin<\/strong>\u00a0Paula Schulte 01578\/2883825<\/p>\n<p><a href=\"mailto:huepfer@wakage.de\">huepfer@wakage.de<\/a><\/p>\n<p>&nbsp;<\/p>\n<h3>Bambinos<\/h3>\n<p><strong>Trainerin<\/strong> Nina Schulte,\u00a00179 7674041<\/p>\n<p><strong>Trainerin<\/strong> Eva Sparenberg, 0152 54743243<\/p>\n<p><a href=\"mailto:bambinos@wakage.de\">bambinos@wakage.de<\/a>[\/vc_column_text]<span class='q_social_icon_holder circle_social' data-color=#373737 data-hover-background-color=#373737 data-hover-color=#f6f6f6><a itemprop='url' href='https:\/\/www.facebook.com\/wakageballett\/' target='_blank'><span class='fa-stack ' style='background-color: #f6f6f6;font-size: 18px;'><i class=\"qode_icon_font_awesome fa fa-facebook \" style=\"color: #373737;font-size: 18px;\" ><\/i><\/span><\/a><\/span>[\/vc_accordion_tab][\/vc_accordion][\/vc_column][vc_column width=&#8220;1\/2&#8243;][vc_column_text css=&#8220;.vc_custom_1614530164777{margin-bottom: 15px !important;}&#8220;]<\/p>\n<h3>WEITERE KONTAKTDATEN:<\/h3>\n<p>[\/vc_column_text][vc_accordion active_tab=&#8220;false&#8220; collapsible=&#8220;yes&#8220; style=&#8220;boxed_accordion&#8220; title=&#8220;Kontaktdaten der WaKaGe&#8220;][vc_accordion_tab title=&#8220;Pr\u00e4sident WaKaGe&#8220; title_color=&#8220;#ffffff&#8220; background_color=&#8220;#3f51b5&#8243; title_tag=&#8220;h2&#8243;][vc_column_text]<strong>Pr\u00e4sident <\/strong>Hermann-Josef Schulze-Zumloh<br \/>\nNeuwarendorf\u00a021<br \/>\n48231 Warendorf<\/p>\n<p><a href=\"mailto:praesident@wakage.de\">praesident(at)wakage.de<\/a>[\/vc_column_text][\/vc_accordion_tab][vc_accordion_tab title=&#8220;Hofmarschall WaKaGe&#8220; title_color=&#8220;#ffffff&#8220; background_color=&#8220;#3f51b5&#8243; title_tag=&#8220;h2&#8243;][vc_column_text]<strong>Hofmarschall\u00a0<\/strong>Thomas Steinhoff, 0170\/9670451<\/p>\n<p><a href=\"mailto:hofmarschall@wakage.de\">hofmarschall@wakage.de<\/a>[\/vc_column_text][\/vc_accordion_tab][vc_accordion_tab title=&#8220;Ratsschreiber WaKaGe&#8220; title_color=&#8220;#ffffff&#8220; background_color=&#8220;#3f51b5&#8243; title_tag=&#8220;h2&#8243;][vc_column_text]<strong>Ratsschreiber\u00a0<\/strong>Dirk T\u00f6nnies<\/p>\n<p><a href=\"mailto:ratsschreiber@wakage.de\">ratsschreiber@wakage.de<\/a>[\/vc_column_text][\/vc_accordion_tab][vc_accordion_tab title=&#8220;B\u00fcrgerausschuss Warendorfer Karneval e.V.&#8220; title_color=&#8220;#ffffff&#8220; background_color=&#8220;#3f51b5&#8243; title_tag=&#8220;h2&#8243;][vc_column_text]<strong>B\u00fcrgerausschuss Warendorfer Karneval e.V.<\/strong><br \/>\nz. Hd. Klemens Westrup<br \/>\nRevaler Stra\u00dfe 8<br \/>\n48231 Warendorf<\/p>\n<p><a href=\"mailto:info@warendorferkarneval.de\">info@warendorferkarneval.de<\/a><br \/>\n<a href=\"http:\/\/www.warendorferkarneval.de\">warendorferkarneval.de<\/a>[\/vc_column_text]<span class='q_social_icon_holder circle_social' data-color=#373737 data-hover-background-color=#373737 data-hover-color=#f6f6f6><a itemprop='url' href='https:\/\/www.facebook.com\/warendorferkarneval\/' target='_blank'><span class='fa-stack ' style='background-color: #f6f6f6;font-size: 18px;'><i class=\"qode_icon_font_awesome fa fa-facebook \" style=\"color: #373737;font-size: 18px;\" ><\/i><\/span><\/a><\/span>[\/vc_accordion_tab][vc_accordion_tab title=&#8220;Urban Design (Konzept\/Layout)&#8220; title_color=&#8220;#ffffff&#8220; background_color=&#8220;#3f51b5&#8243; title_tag=&#8220;h2&#8243;][vc_column_text]Mit freundlicher Unterst\u00fctzung von:<strong><br \/>\n<span style=\"color: #3f51b5;\">Urban Design<\/span> <\/strong><br \/>\nJohanna Urban<br \/>\nNeuenhof 9<br \/>\n48231 Warendorf<\/p>\n<p>0172 2774051<\/p>\n<p><a href=\"http:\/\/www.urban-design.de\">urban-design.de<\/a><\/p>\n<p><a href=\"mailto:info@urban-design.de\">info@urban-design.de<\/a>[\/vc_column_text]<span class='q_social_icon_holder circle_social' data-color=#373737 data-hover-background-color=#373737 data-hover-color=#f6f6f6><a itemprop='url' href='https:\/\/www.facebook.com\/urbandesignberlin\/' target='_blank'><span class='fa-stack ' style='background-color: #f6f6f6;font-size: 18px;'><i class=\"qode_icon_font_awesome fa fa-facebook \" style=\"color: #373737;font-size: 18px;\" ><\/i><\/span><\/a><\/span>[\/vc_accordion_tab][\/vc_accordion][\/vc_column][\/vc_row][vc_row row_type=&#8220;row&#8220; use_row_as_full_screen_section=&#8220;no&#8220; type=&#8220;full_width&#8220; angled_section=&#8220;no&#8220; text_align=&#8220;left&#8220; background_image_as_pattern=&#8220;without_pattern&#8220; css_animation=&#8220;&#8220;][vc_column][vc_separator type=&#8220;normal&#8220; thickness=&#8220;4&#8243;][vc_accordion active_tab=&#8220;false&#8220; collapsible=&#8220;yes&#8220; style=&#8220;boxed_accordion&#8220;][vc_accordion_tab title=&#8220;MITGLIEDSANTRAG \/ SATZUNG&#8220; title_color=&#8220;#ffffff&#8220; background_color=&#8220;#3f51b5&#8243; title_tag=&#8220;h2&#8243;][vc_column_text]<\/p>\n<p style=\"text-align: center;\"><strong><a href=\"https:\/\/wakage.de\/wp-content\/uploads\/2025\/01\/Mitgliedsantrag-WaKaGe-2024.pdf\">Mitgliedsantrag<\/a><\/strong><\/p>\n<p>&nbsp;<\/p>\n<p style=\"text-align: center;\"><strong><a href=\"http:\/\/wakage.de\/wp-content\/uploads\/2022\/11\/NEUE-SATZUNG-WaKaGe-15.08.22.pdf\" target=\"_blank\" rel=\"noopener\">Satzung der Warendorfer Karnevalsgesellschaft von 1857 e.V.<\/a><\/strong><\/p>\n<p>[\/vc_column_text][\/vc_accordion_tab][\/vc_accordion][vc_separator type=&#8220;normal&#8220; thickness=&#8220;4&#8243;][\/vc_column][\/vc_row]<\/p>\n","protected":false},"excerpt":{"rendered":"<p>[vc_row row_type=&#8220;row&#8220; use_row_as_full_screen_section=&#8220;no&#8220; type=&#8220;full_width&#8220; angled_section=&#8220;no&#8220; text_align=&#8220;left&#8220; background_image_as_pattern=&#8220;without_pattern&#8220; css_animation=&#8220;&#8220;][vc_column width=&#8220;1\/2&#8243;][vc_column_text css=&#8220;.vc_custom_1478731113795{margin-bottom: 15px !important;}&#8220;] FORMATIONEN: [\/vc_column_text][vc_accordion active_tab=&#8220;false&#8220; collapsible=&#8220;yes&#8220; style=&#8220;boxed_accordion&#8220; title=&#8220;Kontaktdaten der WaKaGe&#8220;][vc_accordion_tab title=&#8220;Elferrat&#8220; title_color=&#8220;#ffffff&#8220; background_color=&#8220;#3f51b5&#8243; title_tag=&#8220;h2&#8243;][vc_column_text]Pr\u00e4sident Daniel St\u00e4hlker Vize-Pr\u00e4sident Stefan Blanke Mail an: elferrat(at)wakage.de[\/vc_column_text][\/vc_accordion_tab][vc_accordion_tab title=&#8220;Prinzengarde&#8220; title_color=&#8220;#ffffff&#8220; background_color=&#8220;#3f51b5&#8243; title_tag=&#8220;h2&#8243;][vc_column_text]Kommandeur Chris Caspers, 0152 25702849 Vize-Kommandeur\u00a0Tim Sawukaytis, 0170 1257685 prinzengarde@wakage.de[\/vc_column_text][\/vc_accordion_tab][vc_accordion_tab&#8230;<\/p>\n","protected":false},"author":1,"featured_media":0,"parent":0,"menu_order":0,"comment_status":"closed","ping_status":"closed","template":"","meta":{"footnotes":""},"_links":{"self":[{"href":"https:\/\/wakage.de\/index.php\/wp-json\/wp\/v2\/pages\/18030"}],"collection":[{"href":"https:\/\/wakage.de\/index.php\/wp-json\/wp\/v2\/pages"}],"about":[{"href":"https:\/\/wakage.de\/index.php\/wp-json\/wp\/v2\/types\/page"}],"author":[{"embeddable":true,"href":"https:\/\/wakage.de\/index.php\/wp-json\/wp\/v2\/users\/1"}],"replies":[{"embeddable":true,"href":"https:\/\/wakage.de\/index.php\/wp-json\/wp\/v2\/comments?post=18030"}],"version-history":[{"count":35,"href":"https:\/\/wakage.de\/index.php\/wp-json\/wp\/v2\/pages\/18030\/revisions"}],"predecessor-version":[{"id":19262,"href":"https:\/\/wakage.de\/index.php\/wp-json\/wp\/v2\/pages\/18030\/revisions\/19262"}],"wp:attachment":[{"href":"https:\/\/wakage.de\/index.php\/wp-json\/wp\/v2\/media?parent=18030"}],"curies":[{"name":"wp","href":"https:\/\/api.w.org\/{rel}","templated":true}]}}